{"id":34821,"date":"2024-03-13T21:49:00","date_gmt":"2024-03-13T19:49:00","guid":{"rendered":"https:\/\/arabikey.com\/?post_type=arabic-name&#038;p=34821"},"modified":"2024-09-10T22:12:54","modified_gmt":"2024-09-10T20:12:54","slug":"abdelali","status":"publish","type":"arabic-name","link":"https:\/\/arabikey.com\/fr\/nom-arabe\/abdelali\/","title":{"rendered":"Abdel Ali \u2642\ufe0f"},"content":{"rendered":"<p><u>\u00c9criture alternative<\/u>: Abd al-Ali ; Abdulali<\/p>\n<p><u>Genre<\/u>: Masculin<\/p>\n<p><u>\u00c9criture arabe<\/u>: <b>\u0639\u0628\u062f \u0627\u0644\u0639\u0644\u064a<\/b><\/p>\n<hr class=\"wp-block-separator has-alpha-channel-opacity\" \/>\n<h2>La signification de Abdel Ali<\/h2>\n<p>En arabe, Abdel Ali se traduit par \"Serviteur du Tr\u00e8s-Haut\". Le nom est compos\u00e9 de deux \u00e9l\u00e9ments : 'abd, qui signifie \"serviteur\", et 'Ali, l'une des \u00e9pith\u00e8tes d'Allah, qui signifie \"le Tr\u00e8s-Haut\". Historiquement, les noms \"Abd-\" \u00e9taient choisis pour refl\u00e9ter la d\u00e9votion et la soumission d'une personne \u00e0 Allah. Cette tradition souligne \u00e0 nouveau l'importance culturelle et religieuse des noms dans le monde arabophone.<\/p>\n<h2>Origines historiques<\/h2>\n<p>Le nom Abdel Ali, comme d'autres noms \"Abd-\", remonte au d\u00e9but de la p\u00e9riode islamique. Son usage s'est r\u00e9pandu dans les populations arabophones, contribuant \u00e0 ses nombreuses variantes, telles que Abdal, Abdul, ou m\u00eame Obaid. Ce pr\u00e9nom rend \u00e9galement hommage \u00e0 <a href=\"https:\/\/en.wikipedia.org\/wiki\/Ali\" target=\"_blank\" rel=\"noopener\">Ali<\/a>, le cousin et gendre du proph\u00e8te Mohammed qui est tr\u00e8s v\u00e9n\u00e9r\u00e9 dans l'islam.<\/p>\n<h2>Popularit\u00e9<\/h2>\n<p>Abdel Ali est mod\u00e9r\u00e9ment populaire parmi les populations arabophones et celles de confession islamique. En tant qu'expression de d\u00e9vouement religieux, il a conserv\u00e9 sa pertinence \u00e0 travers les si\u00e8cles.<\/p>\n<h2>Personnalit\u00e9s c\u00e9l\u00e8bres<\/h2>\n<p><a href=\"https:\/\/en.wikipedia.org\/wiki\/Abdul_Ali_Mazari\" target=\"_blank\" rel=\"noopener\">Abdul Ali Mazari<\/a> (homme politique afghan)<\/p>","protected":false},"featured_media":35931,"menu_order":0,"template":"","format":"standard","meta":{"_acf_changed":false,"_wp_convertkit_post_meta":{"form":"-1","landing_page":"0","tag":"0","restrict_content":"0"},"_kad_post_transparent":"","_kad_post_title":"","_kad_post_layout":"","_kad_post_sidebar_id":"","_kad_post_content_style":"","_kad_post_vertical_padding":"","_kad_post_feature":"","_kad_post_feature_position":"","_kad_post_header":false,"_kad_post_footer":false,"_kad_post_classname":""},"starting-letter":[396],"ppma_author":[423],"class_list":["post-34821","arabic-name","type-arabic-name","status-publish","format-standard","has-post-thumbnail","hentry","starting-letter-a"],"acf":[],"_links":{"self":[{"href":"https:\/\/arabikey.com\/fr\/wp-json\/wp\/v2\/arabic-name\/34821","targetHints":{"allow":["GET"]}}],"collection":[{"href":"https:\/\/arabikey.com\/fr\/wp-json\/wp\/v2\/arabic-name"}],"about":[{"href":"https:\/\/arabikey.com\/fr\/wp-json\/wp\/v2\/types\/arabic-name"}],"wp:featuredmedia":[{"embeddable":true,"href":"https:\/\/arabikey.com\/fr\/wp-json\/wp\/v2\/media\/35931"}],"wp:attachment":[{"href":"https:\/\/arabikey.com\/fr\/wp-json\/wp\/v2\/media?parent=34821"}],"wp:term":[{"taxonomy":"starting-letter","embeddable":true,"href":"https:\/\/arabikey.com\/fr\/wp-json\/wp\/v2\/starting-letter?post=34821"},{"taxonomy":"author","embeddable":true,"href":"https:\/\/arabikey.com\/fr\/wp-json\/wp\/v2\/ppma_author?post=34821"}],"curies":[{"name":"wp","href":"https:\/\/api.w.org\/{rel}","templated":true}]}}