{"id":34838,"date":"2024-03-13T21:48:56","date_gmt":"2024-03-13T19:48:56","guid":{"rendered":"https:\/\/arabikey.com\/?post_type=arabic-name&#038;p=34838"},"modified":"2024-08-25T02:14:39","modified_gmt":"2024-08-25T00:14:39","slug":"abdelhadi","status":"publish","type":"arabic-name","link":"https:\/\/arabikey.com\/fr\/nom-arabe\/abdelhadi\/","title":{"rendered":"Abdel Hadi \u2642\ufe0f"},"content":{"rendered":"<p><u>\u00c9criture alternative<\/u>: Abd al-Hadi, Abdul Hadi<\/p>\n<p><u>Genre<\/u>: masculin<\/p>\n<p><u>\u00c9criture arabe<\/u>: <b>\u0639\u0628\u062f \u0627\u0644\u0647\u0627\u062f\u064a<\/b><\/p>\n<hr class=\"wp-block-separator has-alpha-channel-opacity\" \/>\n<h2>La signification de Abdel Hadi<\/h2>\n<p>Abdel Hadi est un beau pr\u00e9nom arabe traditionnel qui se traduit litt\u00e9ralement par \"Serviteur du Guide\". Dans la culture arabe, les noms commen\u00e7ant par \"Abd\" signifient \"serviteur de\" et sont souvent suivis de l'un des attributs d'Allah. La partie \"Hadi\" signifie \"le Guide\", faisant r\u00e9f\u00e9rence \u00e0 Dieu en tant que guide spirituel sur le chemin de la vie.<\/p>\n<h2>Origines historiques<\/h2>\n<p>Le pr\u00e9nom Abdel Hadi est profond\u00e9ment ancr\u00e9 dans la culture et l'histoire islamiques. Traditionnellement, il s'agit d'un pr\u00e9nom donn\u00e9 aux gar\u00e7ons dans les familles musulmanes. Aujourd'hui, il reste un choix populaire dans les pays du Moyen-Orient, en Afrique du Nord et parmi les communaut\u00e9s musulmanes du monde entier.<\/p>\n<h2>Popularit\u00e9<\/h2>\n<p>Abdel Hadi est un nom commun parmi les populations arabophones du monde entier. Il est particuli\u00e8rement utilis\u00e9 dans des pays comme l'\u00c9gypte, l'Arabie saoudite, les \u00c9mirats arabes unis, le Maroc et la Tunisie. Ce nom a \u00e9galement fait son chemin dans les communaut\u00e9s islamiques du monde occidental.<\/p>\n<h2>Personnalit\u00e9s c\u00e9l\u00e8bres<\/h2>\n<p><a href=\"https:\/\/en.wikipedia.org\/wiki\/Abdul_Hadi_Awang\" target=\"_blank\" rel=\"noopener\">Abdul Hadi Awang<\/a> (homme politique et enseignant religieux malaisien qui a \u00e9t\u00e9 membre du Parlement (MP) pour Marang)<\/p>","protected":false},"featured_media":35948,"menu_order":0,"template":"","format":"standard","meta":{"_acf_changed":false,"_wp_convertkit_post_meta":{"form":"-1","landing_page":"0","tag":"0","restrict_content":"0"},"_kad_post_transparent":"","_kad_post_title":"","_kad_post_layout":"","_kad_post_sidebar_id":"","_kad_post_content_style":"","_kad_post_vertical_padding":"","_kad_post_feature":"","_kad_post_feature_position":"","_kad_post_header":false,"_kad_post_footer":false,"_kad_post_classname":""},"starting-letter":[396],"ppma_author":[423],"class_list":["post-34838","arabic-name","type-arabic-name","status-publish","format-standard","has-post-thumbnail","hentry","starting-letter-a"],"acf":[],"_links":{"self":[{"href":"https:\/\/arabikey.com\/fr\/wp-json\/wp\/v2\/arabic-name\/34838","targetHints":{"allow":["GET"]}}],"collection":[{"href":"https:\/\/arabikey.com\/fr\/wp-json\/wp\/v2\/arabic-name"}],"about":[{"href":"https:\/\/arabikey.com\/fr\/wp-json\/wp\/v2\/types\/arabic-name"}],"wp:featuredmedia":[{"embeddable":true,"href":"https:\/\/arabikey.com\/fr\/wp-json\/wp\/v2\/media\/35948"}],"wp:attachment":[{"href":"https:\/\/arabikey.com\/fr\/wp-json\/wp\/v2\/media?parent=34838"}],"wp:term":[{"taxonomy":"starting-letter","embeddable":true,"href":"https:\/\/arabikey.com\/fr\/wp-json\/wp\/v2\/starting-letter?post=34838"},{"taxonomy":"author","embeddable":true,"href":"https:\/\/arabikey.com\/fr\/wp-json\/wp\/v2\/ppma_author?post=34838"}],"curies":[{"name":"wp","href":"https:\/\/api.w.org\/{rel}","templated":true}]}}