{"id":34970,"date":"2024-03-13T21:53:49","date_gmt":"2024-03-13T19:53:49","guid":{"rendered":"https:\/\/arabikey.com\/?post_type=arabic-name&#038;p=34970"},"modified":"2024-09-09T20:56:42","modified_gmt":"2024-09-09T18:56:42","slug":"anissa","status":"publish","type":"arabic-name","link":"https:\/\/arabikey.com\/fr\/nom-arabe\/anissa\/","title":{"rendered":"Anissa \u2640\ufe0f"},"content":{"rendered":"<p><u>\u00c9criture alternative<\/u>: Aucune<\/p>\n<p><u>Genre<\/u>: f\u00e9minin<\/p>\n<p><u>\u00c9criture arabe<\/u>: \u0623\u0646\u064a\u0633\u0629<\/p>\n<hr class=\"wp-block-separator has-alpha-channel-opacity\"\/>\n<h2>La signification de Anissa<\/h2>\n<p>Anissa trouve son origine dans la culture arabe et signifie litt\u00e9ralement \"gentil\", \"amical\" ou \"de bonne compagnie\", ce qui t\u00e9moigne d'une personnalit\u00e9 joyeuse et agr\u00e9able. Dans la culture arabe, le fait d'appeler un enfant Anissa signifie que les parents esp\u00e8rent que leur enfant grandira dans la sympathie et la compassion. Anissa est un pr\u00e9nom f\u00e9minin relativement courant dans le monde arabophone, ce qui t\u00e9moigne de l'importance accord\u00e9e \u00e0 la gentillesse dans cette culture. <\/p>\n<h2>Origines historiques<\/h2>\n<p>Le pr\u00e9nom Anissa est profond\u00e9ment ancr\u00e9 dans la culture et la langue arabes. Aucune figure historique sp\u00e9cifique n'est associ\u00e9e \u00e0 ce pr\u00e9nom, mais il est utilis\u00e9 de mani\u00e8re constante dans les communaut\u00e9s arabophones depuis des si\u00e8cles. Bien qu'il soit principalement utilis\u00e9 au Moyen-Orient et en Afrique du Nord, l'usage d'Anissa s'est r\u00e9pandu dans le monde entier au gr\u00e9 des migrations des communaut\u00e9s arabophones, tout en conservant sa prononciation phon\u00e9tique d'origine. <\/p>\n<h2>Popularit\u00e9<\/h2>\n<p>Anissa est un pr\u00e9nom couramment utilis\u00e9 dans le monde arabe, notamment dans des pays tels que l'Alg\u00e9rie, le Maroc et le Liban. Bien qu'il ait \u00e9t\u00e9 principalement popularis\u00e9 dans le monde arabophone, il est \u00e9galement utilis\u00e9 \u00e0 l'\u00e9chelle internationale, en particulier en Europe et en Am\u00e9rique du Nord. Comme d'autres pr\u00e9noms arabes, la popularit\u00e9 d'Anissa a fluctu\u00e9 au fil du temps, mais semble avoir une pr\u00e9sence constante dans de nombreuses communaut\u00e9s arabes. <\/p>\n<h2>Personnalit\u00e9s c\u00e9l\u00e8bres<\/h2>\n<p><a href=\"https:\/\/en.wikipedia.org\/wiki\/Anissa_Helou\" target=\"_blank\" rel=\"noopener\">Anissa Helou<\/a> (Auteur culinaire et chef cuisinier)<\/p>","protected":false},"featured_media":33456,"menu_order":0,"template":"","format":"standard","meta":{"_acf_changed":false,"_wp_convertkit_post_meta":{"form":"-1","landing_page":"0","tag":"0","restrict_content":"0"},"_kad_post_transparent":"","_kad_post_title":"","_kad_post_layout":"","_kad_post_sidebar_id":"","_kad_post_content_style":"","_kad_post_vertical_padding":"","_kad_post_feature":"","_kad_post_feature_position":"","_kad_post_header":false,"_kad_post_footer":false,"_kad_post_classname":""},"starting-letter":[396],"ppma_author":[423],"class_list":["post-34970","arabic-name","type-arabic-name","status-publish","format-standard","has-post-thumbnail","hentry","starting-letter-a"],"acf":[],"_links":{"self":[{"href":"https:\/\/arabikey.com\/fr\/wp-json\/wp\/v2\/arabic-name\/34970","targetHints":{"allow":["GET"]}}],"collection":[{"href":"https:\/\/arabikey.com\/fr\/wp-json\/wp\/v2\/arabic-name"}],"about":[{"href":"https:\/\/arabikey.com\/fr\/wp-json\/wp\/v2\/types\/arabic-name"}],"wp:featuredmedia":[{"embeddable":true,"href":"https:\/\/arabikey.com\/fr\/wp-json\/wp\/v2\/media\/33456"}],"wp:attachment":[{"href":"https:\/\/arabikey.com\/fr\/wp-json\/wp\/v2\/media?parent=34970"}],"wp:term":[{"taxonomy":"starting-letter","embeddable":true,"href":"https:\/\/arabikey.com\/fr\/wp-json\/wp\/v2\/starting-letter?post=34970"},{"taxonomy":"author","embeddable":true,"href":"https:\/\/arabikey.com\/fr\/wp-json\/wp\/v2\/ppma_author?post=34970"}],"curies":[{"name":"wp","href":"https:\/\/api.w.org\/{rel}","templated":true}]}}