{"id":35029,"date":"2024-03-13T21:53:26","date_gmt":"2024-03-13T19:53:26","guid":{"rendered":"https:\/\/arabikey.com\/?post_type=arabic-name&#038;p=35029"},"modified":"2024-09-09T21:01:55","modified_gmt":"2024-09-09T19:01:55","slug":"baker","status":"publish","type":"arabic-name","link":"https:\/\/arabikey.com\/fr\/nom-arabe\/baker\/","title":{"rendered":"Baker \u2642\ufe0f"},"content":{"rendered":"<p><u>\u00c9criture alternative<\/u>: Aucune<\/p>\n<p><u>Genre<\/u>: Masculin<\/p>\n<p><u>\u00c9criture arabe<\/u>: \u0628\u064e\u0643\u0650\u0631<\/p>\n<hr class=\"wp-block-separator has-alpha-channel-opacity\"\/>\n<h2>La signification de Baker<\/h2>\n<p>Baker, qui signifie \"t\u00f4t\" en arabe, \u00e9voque souvent la diligence, l'ambition et l'empressement. Il peut \u00e9galement signifier que l'on est proactif ou que l'on est pionnier dans un certain domaine. C'est un pr\u00e9nom tr\u00e8s appr\u00e9ci\u00e9 dans de nombreuses cultures arabophones en raison de ses associations positives avec l'initiative et la pr\u00e9voyance. La signification de ce pr\u00e9nom comporte \u00e9galement une nuance de fra\u00eecheur, symbolisant le renouveau et les nouveaux d\u00e9parts.<\/p>\n<h2>Origines historiques<\/h2>\n<p>Le nom Baker trouve ses racines dans la langue arabe et est r\u00e9pandu dans tout le monde arabe, \u00e0 travers diff\u00e9rents pays et r\u00e9gions. Bien qu'il n'y ait pas de personnage historique sp\u00e9cifique associ\u00e9 \u00e0 ce nom, il est couramment utilis\u00e9 depuis des si\u00e8cles en raison des connotations positives mentionn\u00e9es pr\u00e9c\u00e9demment. Au fil du temps, il a \u00e9volu\u00e9 pour devenir un nom \u00e9tabli et respect\u00e9 dans la langue arabe.<\/p>\n<h2>Popularit\u00e9<\/h2>\n<p>Baker, bien qu'unique, est un nom assez courant parmi les populations arabophones. On le retrouve dans de nombreuses r\u00e9gions du Moyen-Orient et de l'Afrique du Nord, en particulier dans des pays comme la Jordanie, l'\u00c9gypte et le Liban. Au fil des ans, malgr\u00e9 les migrations et les changements soci\u00e9taux, le nom est rest\u00e9 constant dans sa popularit\u00e9 et son usage, transmis de g\u00e9n\u00e9ration en g\u00e9n\u00e9ration au sein de ces communaut\u00e9s.<\/p>\n<h2>Personnalit\u00e9s c\u00e9l\u00e8bres<\/h2>\n<p>Un personnage c\u00e9l\u00e8bre portant le nom de Baker est <a href=\"https:\/\/en.wikipedia.org\/wiki\/Bakir_Izetbegovi%C4%87\" target=\"_blank\" rel=\"noopener\">Bakir Izetbegovi\u0107<\/a> (homme politique), membre bosniaque de la pr\u00e9sidence de la Bosnie-et-Herz\u00e9govine et pr\u00e9sident du Parti de l'action d\u00e9mocratique.<\/p>","protected":false},"featured_media":33611,"menu_order":0,"template":"","format":"standard","meta":{"_acf_changed":false,"_wp_convertkit_post_meta":{"form":"-1","landing_page":"0","tag":"0","restrict_content":"0"},"_kad_post_transparent":"","_kad_post_title":"","_kad_post_layout":"","_kad_post_sidebar_id":"","_kad_post_content_style":"","_kad_post_vertical_padding":"","_kad_post_feature":"","_kad_post_feature_position":"","_kad_post_header":false,"_kad_post_footer":false,"_kad_post_classname":""},"starting-letter":[397],"ppma_author":[423],"class_list":["post-35029","arabic-name","type-arabic-name","status-publish","format-standard","has-post-thumbnail","hentry","starting-letter-b"],"acf":[],"_links":{"self":[{"href":"https:\/\/arabikey.com\/fr\/wp-json\/wp\/v2\/arabic-name\/35029","targetHints":{"allow":["GET"]}}],"collection":[{"href":"https:\/\/arabikey.com\/fr\/wp-json\/wp\/v2\/arabic-name"}],"about":[{"href":"https:\/\/arabikey.com\/fr\/wp-json\/wp\/v2\/types\/arabic-name"}],"wp:featuredmedia":[{"embeddable":true,"href":"https:\/\/arabikey.com\/fr\/wp-json\/wp\/v2\/media\/33611"}],"wp:attachment":[{"href":"https:\/\/arabikey.com\/fr\/wp-json\/wp\/v2\/media?parent=35029"}],"wp:term":[{"taxonomy":"starting-letter","embeddable":true,"href":"https:\/\/arabikey.com\/fr\/wp-json\/wp\/v2\/starting-letter?post=35029"},{"taxonomy":"author","embeddable":true,"href":"https:\/\/arabikey.com\/fr\/wp-json\/wp\/v2\/ppma_author?post=35029"}],"curies":[{"name":"wp","href":"https:\/\/api.w.org\/{rel}","templated":true}]}}