{"id":35080,"date":"2024-03-13T21:53:17","date_gmt":"2024-03-13T19:53:17","guid":{"rendered":"https:\/\/arabikey.com\/?post_type=arabic-name&#038;p=35080"},"modified":"2024-09-09T23:36:27","modified_gmt":"2024-09-09T21:36:27","slug":"darras","status":"publish","type":"arabic-name","link":"https:\/\/arabikey.com\/fr\/nom-arabe\/darras\/","title":{"rendered":"Darras \u2642\ufe0f"},"content":{"rendered":"<p><u>\u00c9criture alternative<\/u>: Aucune<\/p>\n<p><u>Genre<\/u>: Masculin<\/p>\n<p><u>\u00c9criture arabe<\/u>: \u062f\u0631\u0651\u0627\u0633<\/p>\n<hr class=\"wp-block-separator has-alpha-channel-opacity\"\/>\n<h2>La signification de Darras<\/h2>\n<p>Darras est un pr\u00e9nom arabe qui se traduit directement par \"celui qui est studieux\". Ce pr\u00e9nom est souvent donn\u00e9 dans l'espoir que l'enfant deviendra un \u00e9l\u00e8ve assidu. Le contexte culturel de ce pr\u00e9nom est tr\u00e8s fort et renvoie \u00e0 l'\u00e9poque de l'\u00e2ge d'or islamique, o\u00f9 les \u00e9rudits \u00e9taient v\u00e9n\u00e9r\u00e9s et guidaient la soci\u00e9t\u00e9 gr\u00e2ce \u00e0 leur sagesse. Curieusement, ce pr\u00e9nom a une connotation non seulement acad\u00e9mique, mais aussi de recherche de connaissances dans tous les aspects de la vie.<\/p>\n<h2>Origines historiques<\/h2>\n<p>Le nom Darras est d'origine linguistique arabe. Dans les temps anciens, il \u00e9tait g\u00e9n\u00e9ralement attribu\u00e9 aux personnes qui faisaient preuve d'une grande affinit\u00e9 pour l'apprentissage et les \u00e9tudes. Aucun personnage historique n'a jamais port\u00e9 ce nom, mais l'essence de Darras reste profond\u00e9ment associ\u00e9e \u00e0 la recherche intellectuelle dans la culture arabe. Au fil du temps, la signification \u00e9tymologique de Darras est rest\u00e9e coh\u00e9rente et a conserv\u00e9 sa signification traditionnelle \u00e0 travers diverses cultures sans variations significatives.<\/p>\n<h2>Popularit\u00e9<\/h2>\n<p>Bien que Darras ne soit pas l'un des pr\u00e9noms arabes les plus courants, il jouit d'un statut unique et est respect\u00e9 pour son association avec la sagesse et le savoir. Ce pr\u00e9nom est surtout utilis\u00e9 au Moyen-Orient, en particulier en Arabie saoudite, aux \u00c9mirats arabes unis et en Jordanie. On le retrouve \u00e9galement dans les communaut\u00e9s arabes expatri\u00e9es aux \u00c9tats-Unis, en Europe et en Australie. Au cours des derni\u00e8res d\u00e9cennies, l'usage de Darras s'est maintenu, refl\u00e9tant une appr\u00e9ciation intemporelle de l'\u00e9rudition et de la recherche du savoir dans la culture arabe.<\/p>","protected":false},"featured_media":33662,"menu_order":0,"template":"","format":"standard","meta":{"_acf_changed":false,"_wp_convertkit_post_meta":{"form":"-1","landing_page":"0","tag":"0","restrict_content":"0"},"_kad_post_transparent":"","_kad_post_title":"","_kad_post_layout":"","_kad_post_sidebar_id":"","_kad_post_content_style":"","_kad_post_vertical_padding":"","_kad_post_feature":"","_kad_post_feature_position":"","_kad_post_header":false,"_kad_post_footer":false,"_kad_post_classname":""},"starting-letter":[399],"ppma_author":[423],"class_list":["post-35080","arabic-name","type-arabic-name","status-publish","format-standard","has-post-thumbnail","hentry","starting-letter-d"],"acf":[],"_links":{"self":[{"href":"https:\/\/arabikey.com\/fr\/wp-json\/wp\/v2\/arabic-name\/35080","targetHints":{"allow":["GET"]}}],"collection":[{"href":"https:\/\/arabikey.com\/fr\/wp-json\/wp\/v2\/arabic-name"}],"about":[{"href":"https:\/\/arabikey.com\/fr\/wp-json\/wp\/v2\/types\/arabic-name"}],"wp:featuredmedia":[{"embeddable":true,"href":"https:\/\/arabikey.com\/fr\/wp-json\/wp\/v2\/media\/33662"}],"wp:attachment":[{"href":"https:\/\/arabikey.com\/fr\/wp-json\/wp\/v2\/media?parent=35080"}],"wp:term":[{"taxonomy":"starting-letter","embeddable":true,"href":"https:\/\/arabikey.com\/fr\/wp-json\/wp\/v2\/starting-letter?post=35080"},{"taxonomy":"author","embeddable":true,"href":"https:\/\/arabikey.com\/fr\/wp-json\/wp\/v2\/ppma_author?post=35080"}],"curies":[{"name":"wp","href":"https:\/\/api.w.org\/{rel}","templated":true}]}}