{"id":35113,"date":"2024-03-13T21:48:50","date_gmt":"2024-03-13T19:48:50","guid":{"rendered":"https:\/\/arabikey.com\/?post_type=arabic-name&#038;p=35113"},"modified":"2024-09-10T22:45:17","modified_gmt":"2024-09-10T20:45:17","slug":"fadel","status":"publish","type":"arabic-name","link":"https:\/\/arabikey.com\/fr\/nom-arabe\/fadel\/","title":{"rendered":"Fadel \u2642\ufe0f"},"content":{"rendered":"<p><u>\u00c9criture alternative<\/u>: Fadhel, Fadil, Fadhil<\/p>\n<p><u>Genre<\/u>: Masculin<\/p>\n<p><u>\u00c9criture arabe<\/u>: <b>\u0641\u0627\u0636\u0644<\/b><\/p>\n<hr class=\"wp-block-separator has-alpha-channel-opacity\" \/>\n<h2>La signification de Fadel<\/h2>\n<p>Le pr\u00e9nom Fadel est issu de racines arabes qui v\u00e9hiculent le sens de l'excellence et de la g\u00e9n\u00e9rosit\u00e9. Il d\u00e9signe \" celui qui est chaste et pur \", \" vertueux \" et \" victorieux \". Le pr\u00e9nom Fadel occupe une position de m\u00e9rite et d'honneur, et repr\u00e9sente un individu \u00e9minent par ses vertus, sa puret\u00e9 et ses exploits victorieux. Le terme comporte \u00e9galement un \u00e9l\u00e9ment de sup\u00e9riorit\u00e9 morale et de respect dans la culture arabe.<\/p>\n<h2>Origines historiques<\/h2>\n<p>Le nom Fadel a des racines profondes dans la langue arabe et dans l'histoire de l'Islam. Plusieurs compagnons du proph\u00e8te Mohammed \u00e9taient connus sous ce nom. Tout au long de l'histoire, il a \u00e9t\u00e9 privil\u00e9gi\u00e9 dans de nombreuses nations et r\u00e9gions arabophones. Au fil du temps, diverses formes de Fadel ont \u00e9volu\u00e9, notamment Fadil, Fadhil et Fadhel.<\/p>\n<h2>Popularit\u00e9<\/h2>\n<p>Fadel est un pr\u00e9nom tr\u00e8s r\u00e9pandu dans les pays arabes et ailleurs o\u00f9 l'influence arabe ou islamique est forte. Il est particuli\u00e8rement populaire en Afrique du Nord, au Moyen-Orient et en Asie du Sud-Est. La fr\u00e9quence d'utilisation de ce pr\u00e9nom est rest\u00e9e relativement stable au fil du temps.<\/p>\n<h2>Personnalit\u00e9s c\u00e9l\u00e8bres<\/h2>\n<p><a href=\"https:\/\/en.wikipedia.org\/wiki\/Fadel_Al-Aboud\" target=\"_blank\" rel=\"noopener\">Fadel Al-Aboud<\/a> (dirigeant syrien et chef du gouvernement de Haj Fadel dans l'est de la Syrie)<\/p>","protected":false},"featured_media":35984,"menu_order":0,"template":"","format":"standard","meta":{"_acf_changed":false,"_wp_convertkit_post_meta":{"form":"-1","landing_page":"0","tag":"0","restrict_content":"0"},"_kad_post_transparent":"","_kad_post_title":"","_kad_post_layout":"","_kad_post_sidebar_id":"","_kad_post_content_style":"","_kad_post_vertical_padding":"","_kad_post_feature":"","_kad_post_feature_position":"","_kad_post_header":false,"_kad_post_footer":false,"_kad_post_classname":""},"starting-letter":[401],"ppma_author":[423],"class_list":["post-35113","arabic-name","type-arabic-name","status-publish","format-standard","has-post-thumbnail","hentry","starting-letter-f"],"acf":[],"_links":{"self":[{"href":"https:\/\/arabikey.com\/fr\/wp-json\/wp\/v2\/arabic-name\/35113","targetHints":{"allow":["GET"]}}],"collection":[{"href":"https:\/\/arabikey.com\/fr\/wp-json\/wp\/v2\/arabic-name"}],"about":[{"href":"https:\/\/arabikey.com\/fr\/wp-json\/wp\/v2\/types\/arabic-name"}],"wp:featuredmedia":[{"embeddable":true,"href":"https:\/\/arabikey.com\/fr\/wp-json\/wp\/v2\/media\/35984"}],"wp:attachment":[{"href":"https:\/\/arabikey.com\/fr\/wp-json\/wp\/v2\/media?parent=35113"}],"wp:term":[{"taxonomy":"starting-letter","embeddable":true,"href":"https:\/\/arabikey.com\/fr\/wp-json\/wp\/v2\/starting-letter?post=35113"},{"taxonomy":"author","embeddable":true,"href":"https:\/\/arabikey.com\/fr\/wp-json\/wp\/v2\/ppma_author?post=35113"}],"curies":[{"name":"wp","href":"https:\/\/api.w.org\/{rel}","templated":true}]}}