{"id":35160,"date":"2024-03-13T21:53:02","date_gmt":"2024-03-13T19:53:02","guid":{"rendered":"https:\/\/arabikey.com\/?post_type=arabic-name&#038;p=35160"},"modified":"2024-09-10T00:25:12","modified_gmt":"2024-09-09T22:25:12","slug":"kacem","status":"publish","type":"arabic-name","link":"https:\/\/arabikey.com\/fr\/nom-arabe\/kacem\/","title":{"rendered":"Kacem \u2642\ufe0f"},"content":{"rendered":"<p><u>\u00c9criture alternative<\/u>: Gassim, Gacem, Qassim, Qasem<\/p>\n<p><u>Genre<\/u>: Masculin<\/p>\n<p><u>\u00c9criture arabe<\/u>: <b>\u0642\u0627\u0633\u0645<\/b><\/p>\n<hr class=\"wp-block-separator has-alpha-channel-opacity\"\/>\n<h2>La signification de Kacem<\/h2>\n<p>Kacem est un pr\u00e9nom arabe masculin qui se traduit par \" qui divise, qui partage \". Ce pr\u00e9nom rev\u00eat une importance particuli\u00e8re dans la culture arabe car il symbolise l'\u00e9quit\u00e9, la g\u00e9n\u00e9rosit\u00e9 et un v\u00e9ritable sens de la justice. Ce nom peut m\u00eame refl\u00e9ter une valeur culturelle profonde de partage et de r\u00e9partition \u00e9quitable des ressources au sein de la communaut\u00e9. C'est un nom qui s'accompagne d'un sens aigu des responsabilit\u00e9s et du leadership.<\/p>\n<h2>Origines historiques<\/h2>\n<p>Le nom Kacem a une origine arabe ancienne et est d\u00e9riv\u00e9 de la racine arabe \"Qasama\". Depuis, ce pr\u00e9nom a \u00e9t\u00e9 transmis de g\u00e9n\u00e9ration en g\u00e9n\u00e9ration et a \u00e9t\u00e9 attribu\u00e9 \u00e0 des hommes dans de nombreuses familles. Des variantes populaires du pr\u00e9nom apparaissent dans diff\u00e9rentes cultures et langues, telles que Qasim en ourdou ou Kassem en turc. Au fil du temps, ce pr\u00e9nom a conserv\u00e9 sa signification essentielle tout en prouvant son attrait intemporel.<\/p>\n<h2>Popularit\u00e9<\/h2>\n<p>Le pr\u00e9nom Kacem est un choix populaire pour les gar\u00e7ons dans les pays arabes, en particulier en Arabie saoudite, en Jordanie, en Alg\u00e9rie et au Maroc. Son usage est non seulement rest\u00e9 constant au fil du temps, mais il s'est \u00e9galement r\u00e9pandu dans les communaut\u00e9s musulmanes non arabes \u00e0 travers le monde. Le pr\u00e9nom Kacem est typiquement associ\u00e9 aux cultures arabe et musulmane, et de nombreux porteurs du pr\u00e9nom sont issus de ces milieux.<\/p>\n<h2>Personnalit\u00e9s c\u00e9l\u00e8bres<\/h2>\n<p><a href=\"https:\/\/en.wikipedia.org\/wiki\/Qasem_Soleimani_\" _ target=\"_blank\" rel=\"noopener\">Qasem Soleimani<\/a> (Officier militaire iranien ayant servi dans le Corps des gardiens de la r\u00e9volution islamique (CGRI))<\/p>","protected":false},"featured_media":33742,"menu_order":0,"template":"","format":"standard","meta":{"_acf_changed":false,"_wp_convertkit_post_meta":{"form":"-1","landing_page":"0","tag":"0","restrict_content":"0"},"_kad_post_transparent":"","_kad_post_title":"","_kad_post_layout":"","_kad_post_sidebar_id":"","_kad_post_content_style":"","_kad_post_vertical_padding":"","_kad_post_feature":"","_kad_post_feature_position":"","_kad_post_header":false,"_kad_post_footer":false,"_kad_post_classname":""},"starting-letter":[402],"ppma_author":[423],"class_list":["post-35160","arabic-name","type-arabic-name","status-publish","format-standard","has-post-thumbnail","hentry","starting-letter-g"],"acf":[],"_links":{"self":[{"href":"https:\/\/arabikey.com\/fr\/wp-json\/wp\/v2\/arabic-name\/35160","targetHints":{"allow":["GET"]}}],"collection":[{"href":"https:\/\/arabikey.com\/fr\/wp-json\/wp\/v2\/arabic-name"}],"about":[{"href":"https:\/\/arabikey.com\/fr\/wp-json\/wp\/v2\/types\/arabic-name"}],"wp:featuredmedia":[{"embeddable":true,"href":"https:\/\/arabikey.com\/fr\/wp-json\/wp\/v2\/media\/33742"}],"wp:attachment":[{"href":"https:\/\/arabikey.com\/fr\/wp-json\/wp\/v2\/media?parent=35160"}],"wp:term":[{"taxonomy":"starting-letter","embeddable":true,"href":"https:\/\/arabikey.com\/fr\/wp-json\/wp\/v2\/starting-letter?post=35160"},{"taxonomy":"author","embeddable":true,"href":"https:\/\/arabikey.com\/fr\/wp-json\/wp\/v2\/ppma_author?post=35160"}],"curies":[{"name":"wp","href":"https:\/\/api.w.org\/{rel}","templated":true}]}}