{"id":35347,"date":"2024-03-13T21:52:01","date_gmt":"2024-03-13T19:52:01","guid":{"rendered":"https:\/\/arabikey.com\/?post_type=arabic-name&#038;p=35347"},"modified":"2024-09-10T18:19:58","modified_gmt":"2024-09-10T16:19:58","slug":"labid","status":"publish","type":"arabic-name","link":"https:\/\/arabikey.com\/fr\/nom-arabe\/labid\/","title":{"rendered":"Labid \u2642\ufe0f"},"content":{"rendered":"<p><u>\u00c9criture alternative<\/u>: Labeed, Labide<\/p>\n<p><u>Genre<\/u>: masculin<\/p>\n<p><u>\u00c9criture arabe<\/u>: <b>\u0644\u064e\u0628\u064a\u062f<\/b><\/p>\n<hr class=\"wp-block-separator has-alpha-channel-opacity\"\/>\n<h2>La signification de Labid<\/h2>\n<p>Labid est un pr\u00e9nom masculin arabe qui signifie \" justice \". Ce pr\u00e9nom rev\u00eat une grande importance culturelle dans les soci\u00e9t\u00e9s arabes, car le concept de justice est consid\u00e9r\u00e9 comme une caract\u00e9ristique essentielle d'une personne juste, courageuse et responsable. Les Arabes ont traditionnellement un grand respect pour les personnes ayant un sens \u00e9quilibr\u00e9 de la justice et de l'\u00e9quit\u00e9. Labid repr\u00e9sente donc une personne qui d\u00e9fend la justice et l'\u00e9quit\u00e9 par-dessus tout. <\/p>\n<h2>Origines historiques<\/h2>\n<p>Le nom Labid est d'origine arabe. Il a notamment \u00e9t\u00e9 port\u00e9 par un c\u00e9l\u00e8bre po\u00e8te pr\u00e9islamique, Labid ibn Rab\u012b'ah, connu pour sa sagesse et sa profonde compr\u00e9hension de la vie, dont il soulignait qu'elle ne pouvait \u00eatre atteinte que par la justice et l'\u00e9quit\u00e9. Au fil du temps, la popularit\u00e9 du nom s'est \u00e9tendue au-del\u00e0 du Moyen-Orient et a \u00e9t\u00e9 adopt\u00e9e sous diverses formes et orthographes dans diff\u00e9rentes cultures et langues.<\/p>\n<h2>Popularit\u00e9<\/h2>\n<p>Si Labid reste un nom reconnu dans de nombreuses r\u00e9gions du monde arabe, son usage s'est \u00e9tendu \u00e0 d'autres r\u00e9gions, notamment l'Afrique du Nord, l'Europe et l'Am\u00e9rique du Nord, gr\u00e2ce aux \u00e9changes culturels et aux migrations. Ce pr\u00e9nom est particuli\u00e8rement populaire dans les communaut\u00e9s musulmanes en raison de sa signification affirmative. La tendance mondiale indique une popularit\u00e9 constante du pr\u00e9nom Labid, avec de l\u00e9g\u00e8res variations de popularit\u00e9 selon les r\u00e9gions.<\/p>\n<h2>Personnalit\u00e9s c\u00e9l\u00e8bres<\/h2>\n<p><a href=\"https:\/\/en.wikipedia.org\/wiki\/Lab%C4%ABd\" target=\"_blank\" rel=\"noopener\">Labid Ibn Rabi'ah<\/a> (Po\u00e8te pr\u00e9islamique)<\/p>","protected":false},"featured_media":33929,"menu_order":0,"template":"","format":"standard","meta":{"_acf_changed":false,"_wp_convertkit_post_meta":{"form":"-1","landing_page":"0","tag":"0","restrict_content":"0"},"_kad_post_transparent":"","_kad_post_title":"","_kad_post_layout":"","_kad_post_sidebar_id":"","_kad_post_content_style":"","_kad_post_vertical_padding":"","_kad_post_feature":"","_kad_post_feature_position":"","_kad_post_header":false,"_kad_post_footer":false,"_kad_post_classname":""},"starting-letter":[407],"ppma_author":[423],"class_list":["post-35347","arabic-name","type-arabic-name","status-publish","format-standard","has-post-thumbnail","hentry","starting-letter-l"],"acf":[],"_links":{"self":[{"href":"https:\/\/arabikey.com\/fr\/wp-json\/wp\/v2\/arabic-name\/35347","targetHints":{"allow":["GET"]}}],"collection":[{"href":"https:\/\/arabikey.com\/fr\/wp-json\/wp\/v2\/arabic-name"}],"about":[{"href":"https:\/\/arabikey.com\/fr\/wp-json\/wp\/v2\/types\/arabic-name"}],"wp:featuredmedia":[{"embeddable":true,"href":"https:\/\/arabikey.com\/fr\/wp-json\/wp\/v2\/media\/33929"}],"wp:attachment":[{"href":"https:\/\/arabikey.com\/fr\/wp-json\/wp\/v2\/media?parent=35347"}],"wp:term":[{"taxonomy":"starting-letter","embeddable":true,"href":"https:\/\/arabikey.com\/fr\/wp-json\/wp\/v2\/starting-letter?post=35347"},{"taxonomy":"author","embeddable":true,"href":"https:\/\/arabikey.com\/fr\/wp-json\/wp\/v2\/ppma_author?post=35347"}],"curies":[{"name":"wp","href":"https:\/\/api.w.org\/{rel}","templated":true}]}}