{"id":35353,"date":"2024-03-13T21:51:59","date_gmt":"2024-03-13T19:51:59","guid":{"rendered":"https:\/\/arabikey.com\/?post_type=arabic-name&#038;p=35353"},"modified":"2024-09-10T18:21:34","modified_gmt":"2024-09-10T16:21:34","slug":"lama","status":"publish","type":"arabic-name","link":"https:\/\/arabikey.com\/fr\/nom-arabe\/lama\/","title":{"rendered":"Lama \u2640\ufe0f"},"content":{"rendered":"<p><u>\u00c9criture alternative<\/u>: Aucune<\/p>\n<p><u>Genre<\/u>: f\u00e9minin<\/p>\n<p><u>\u00c9criture arabe<\/u>: <b>\u0644\u0645\u0649<\/b><\/p>\n<hr class=\"wp-block-separator has-alpha-channel-opacity\"\/>\n<h2>La signification de Lama<\/h2>\n<p> Le pr\u00e9nom arabe Lama, qui se prononce \" La-maa \", a une belle signification : \" l\u00e8vres rouge fonc\u00e9 \". Ce pr\u00e9nom est po\u00e9tiquement utilis\u00e9 pour d\u00e9crire une personne aux l\u00e8vres s\u00e9duisantes et brillantes, repr\u00e9sentant une image de beaut\u00e9 et d'allure dans la culture arabe. La couleur rouge fonc\u00e9 est souvent associ\u00e9e \u00e0 la passion, \u00e0 la chaleur et \u00e0 la richesse dans de nombreuses cultures, ce qui ajoute encore au charme de ce pr\u00e9nom. Ce pr\u00e9nom est un exemple notable de la fa\u00e7on dont les pr\u00e9noms arabes sont souvent li\u00e9s \u00e0 la nature et \u00e0 l'esth\u00e9tique.<\/p>\n<h2>Origines historiques<\/h2>\n<p> L'origine du nom Lama remonte \u00e0 la langue arabe classique, o\u00f9 il \u00e9tait principalement utilis\u00e9 dans la po\u00e9sie arabe pour transmettre des images vivantes de la beaut\u00e9 des femmes. Il trouve son origine dans le verbe arabe \"lamaa\", qui signifie \"briller\". Bien qu'aucun personnage historique connu ne porte le nom de Lama, son utilisation historique dans la po\u00e9sie l'a rendu synonyme d'allure et de f\u00e9minit\u00e9.<\/p>\n<h2>Popularit\u00e9<\/h2>\n<p>Lama est un pr\u00e9nom assez populaire dans les pays du Moyen-Orient et d'Afrique du Nord, comme l'Arabie saoudite, la Jordanie, les \u00c9mirats arabes unis et l'\u00c9gypte Rams\u00e8s. Au fil du temps, son usage s'est \u00e9galement r\u00e9pandu dans les pays non arabophones, mais il reste le plus couramment utilis\u00e9 dans les cultures arabes. Il n'y a pas de communaut\u00e9 ou de r\u00e9gion sp\u00e9cifique associ\u00e9e au nom Lama, et son usage est rest\u00e9 stable au fil des ans.<\/p>\n<h2>Personnalit\u00e9s c\u00e9l\u00e8bres<\/h2>\n<p> <a href=\"https:\/\/en.wikipedia.org\/wiki\/Lama_Khater\" target=\"_blank\" rel=\"noopener\">Lama Khater<\/a> (journaliste et \u00e9crivain palestinien)<\/p>","protected":false},"featured_media":33935,"menu_order":0,"template":"","format":"standard","meta":{"_acf_changed":false,"_wp_convertkit_post_meta":{"form":"-1","landing_page":"0","tag":"0","restrict_content":"0"},"_kad_post_transparent":"","_kad_post_title":"","_kad_post_layout":"","_kad_post_sidebar_id":"","_kad_post_content_style":"","_kad_post_vertical_padding":"","_kad_post_feature":"","_kad_post_feature_position":"","_kad_post_header":false,"_kad_post_footer":false,"_kad_post_classname":""},"starting-letter":[407],"ppma_author":[423],"class_list":["post-35353","arabic-name","type-arabic-name","status-publish","format-standard","has-post-thumbnail","hentry","starting-letter-l"],"acf":[],"_links":{"self":[{"href":"https:\/\/arabikey.com\/fr\/wp-json\/wp\/v2\/arabic-name\/35353","targetHints":{"allow":["GET"]}}],"collection":[{"href":"https:\/\/arabikey.com\/fr\/wp-json\/wp\/v2\/arabic-name"}],"about":[{"href":"https:\/\/arabikey.com\/fr\/wp-json\/wp\/v2\/types\/arabic-name"}],"wp:featuredmedia":[{"embeddable":true,"href":"https:\/\/arabikey.com\/fr\/wp-json\/wp\/v2\/media\/33935"}],"wp:attachment":[{"href":"https:\/\/arabikey.com\/fr\/wp-json\/wp\/v2\/media?parent=35353"}],"wp:term":[{"taxonomy":"starting-letter","embeddable":true,"href":"https:\/\/arabikey.com\/fr\/wp-json\/wp\/v2\/starting-letter?post=35353"},{"taxonomy":"author","embeddable":true,"href":"https:\/\/arabikey.com\/fr\/wp-json\/wp\/v2\/ppma_author?post=35353"}],"curies":[{"name":"wp","href":"https:\/\/api.w.org\/{rel}","templated":true}]}}