{"id":35444,"date":"2024-03-13T21:51:14","date_gmt":"2024-03-13T19:51:14","guid":{"rendered":"https:\/\/arabikey.com\/?post_type=arabic-name&#038;p=35444"},"modified":"2024-09-10T19:17:33","modified_gmt":"2024-09-10T17:17:33","slug":"mekki","status":"publish","type":"arabic-name","link":"https:\/\/arabikey.com\/fr\/nom-arabe\/mekki\/","title":{"rendered":"Mekki \u2642\ufe0f"},"content":{"rendered":"<p><u>\u00c9criture alternative<\/u>: Makki<\/p>\n<p><u>Genre<\/u>: Masculin<\/p>\n<p><u>\u00c9criture arabe<\/u>: <b>\u0645\u0643\u0651\u064a<\/b><\/p>\n<hr class=\"wp-block-separator has-alpha-channel-opacity\"\/>\n<h2>La signification de Mekki<\/h2>\n<p>Le nom Mekki, souvent \u00e9crit Makki, se traduit par \"Meccain\" ou \"de la Mecque\" en arabe. Il sert \u00e0 la fois de pr\u00e9nom et de nom de famille dans les communaut\u00e9s arabophones. Ce nom rev\u00eat une importance culturelle consid\u00e9rable, car La Mecque est la ville la plus sacr\u00e9e de l'islam, situ\u00e9e en Arabie saoudite. C'est le lieu de naissance du proph\u00e8te Mahomet et le site du p\u00e8lerinage annuel du Hajj. Ce nom peut \u00eatre consid\u00e9r\u00e9 comme l'expression d'une d\u00e9votion spirituelle et d'un lien avec cet h\u00e9ritage islamique fondamental.<\/p>\n<h2>Origines historiques<\/h2>\n<p>Le titre \"Mekki\" d\u00e9signe \u00e0 l'origine une appartenance g\u00e9ographique \u00e0 la ville de La Mecque. Au fil du temps, il est devenu un pr\u00e9nom et un nom de famille populaires parmi les Arabes. Dans l'histoire de l'islam, il a notamment \u00e9t\u00e9 port\u00e9 par des \u00e9rudits et des religieux qui r\u00e9sidaient ou enseignaient \u00e0 La Mecque. La variante \"Makki\" est plus courante dans certaines cultures. Le terme \"Makkiyah\" fait \u00e9galement r\u00e9f\u00e9rence aux parties du Coran r\u00e9v\u00e9l\u00e9es \u00e0 La Mecque. <\/p>\n<h2>Popularit\u00e9<\/h2>\n<p>Mekki est un nom couramment utilis\u00e9 par les musulmans du monde entier en raison de sa r\u00e9f\u00e9rence \u00e0 La Mecque, bien qu'il soit plus r\u00e9pandu dans les r\u00e9gions arabophones comme le Moyen-Orient et l'Afrique du Nord. Ce pr\u00e9nom exprime un sentiment d'identit\u00e9 religieuse et culturelle et a conserv\u00e9 sa popularit\u00e9 au fil des ans.<\/p>\n<h2>Personnalit\u00e9s c\u00e9l\u00e8bres<\/h2>\n<p><a href=\"https:\/\/en.wikipedia.org\/wiki\/Amin_Mekki_Medani\" target=\"_blank\" rel=\"noopener\">Amin Mekki Medani<\/a> (avocat, diplomate, d\u00e9fenseur des droits de l'homme et militant politique soudanais)<\/p>","protected":false},"featured_media":34022,"menu_order":0,"template":"","format":"standard","meta":{"_acf_changed":false,"_wp_convertkit_post_meta":{"form":"-1","landing_page":"0","tag":"0","restrict_content":"0"},"_kad_post_transparent":"","_kad_post_title":"","_kad_post_layout":"","_kad_post_sidebar_id":"","_kad_post_content_style":"","_kad_post_vertical_padding":"","_kad_post_feature":"","_kad_post_feature_position":"","_kad_post_header":false,"_kad_post_footer":false,"_kad_post_classname":""},"starting-letter":[408],"ppma_author":[423],"class_list":["post-35444","arabic-name","type-arabic-name","status-publish","format-standard","has-post-thumbnail","hentry","starting-letter-m"],"acf":[],"_links":{"self":[{"href":"https:\/\/arabikey.com\/fr\/wp-json\/wp\/v2\/arabic-name\/35444","targetHints":{"allow":["GET"]}}],"collection":[{"href":"https:\/\/arabikey.com\/fr\/wp-json\/wp\/v2\/arabic-name"}],"about":[{"href":"https:\/\/arabikey.com\/fr\/wp-json\/wp\/v2\/types\/arabic-name"}],"wp:featuredmedia":[{"embeddable":true,"href":"https:\/\/arabikey.com\/fr\/wp-json\/wp\/v2\/media\/34022"}],"wp:attachment":[{"href":"https:\/\/arabikey.com\/fr\/wp-json\/wp\/v2\/media?parent=35444"}],"wp:term":[{"taxonomy":"starting-letter","embeddable":true,"href":"https:\/\/arabikey.com\/fr\/wp-json\/wp\/v2\/starting-letter?post=35444"},{"taxonomy":"author","embeddable":true,"href":"https:\/\/arabikey.com\/fr\/wp-json\/wp\/v2\/ppma_author?post=35444"}],"curies":[{"name":"wp","href":"https:\/\/api.w.org\/{rel}","templated":true}]}}