{"id":35511,"date":"2024-03-13T21:51:03","date_gmt":"2024-03-13T19:51:03","guid":{"rendered":"https:\/\/arabikey.com\/?post_type=arabic-name&#038;p=35511"},"modified":"2024-09-10T19:34:59","modified_gmt":"2024-09-10T17:34:59","slug":"nahla","status":"publish","type":"arabic-name","link":"https:\/\/arabikey.com\/fr\/nom-arabe\/nahla\/","title":{"rendered":"Nahla \u2640\ufe0f"},"content":{"rendered":"<p><u>\u00c9criture alternative<\/u>: Nehla<\/p>\n<p><u>Genre<\/u>: f\u00e9minin<\/p>\n<p><u>\u00c9criture arabe<\/u>: <b>\u0646\u062d\u0644\u0629<\/b><\/p>\n<hr class=\"wp-block-separator has-alpha-channel-opacity\"\/>\n<h2>La signification de Nahla<\/h2>\n<p>Le nom Nahla se traduit directement par \"abeille\" en arabe. L'abeille est une cr\u00e9ature v\u00e9n\u00e9r\u00e9e dans la culture arabe, symbolisant l'assiduit\u00e9, la cr\u00e9ativit\u00e9, la coop\u00e9ration et la subsistance en raison de son r\u00f4le dans la production de miel et la pollinisation des plantes. En outre, les abeilles font l'objet d'une mention sp\u00e9ciale dans le Coran, qui fait r\u00e9f\u00e9rence \u00e0 leur diligence et \u00e0 leur pr\u00e9cision, ce qui pourrait conf\u00e9rer des qualit\u00e9s similaires au porteur du nom. Le nom f\u00e9minin a une sonorit\u00e9 douce, ce qui lui conf\u00e8re un certain charme m\u00e9lodieux. <\/p>\n<h2>Origines historiques<\/h2>\n<p>Nahla est issu de la langue arabe, l'une des langues les plus anciennes et les plus riches du monde. Il ne remonte pas \u00e0 des personnages historiques sp\u00e9cifiques ; cependant, les anciennes tribus b\u00e9douines, connues pour leur profond respect de la nature, auraient pu nommer leurs filles Nahla afin de leur inculquer les qualit\u00e9s que les abeilles incarnent. Nahla conna\u00eet diff\u00e9rentes variantes dans les pays arabophones et se retrouve au Maghreb sous la forme alternative Nehla.<\/p>\n<h2>Popularit\u00e9<\/h2>\n<p>Bien que Nahla ne figure pas parmi les pr\u00e9noms arabes les plus populaires, il reste utilis\u00e9 dans plusieurs pays arabophones, de la p\u00e9ninsule arabique \u00e0 l'Afrique du Nord. Toutefois, l'usage de Nahla a connu de l\u00e9g\u00e8res fluctuations au fil des ans, peut-\u00eatre en raison de la r\u00e9surgence de la pr\u00e9f\u00e9rence pour les pr\u00e9noms traditionnels porteurs de significations profondes et significatives.<\/p>\n<h2>Personnalit\u00e9s c\u00e9l\u00e8bres<\/h2>\n<p><a href=\"https:\/\/en.wikipedia.org\/wiki\/Nahla_El_Fatiha_Naili\" target=\"_blank\" rel=\"noopener\">Nahla El Fatiha Naili<\/a> (sculpteur alg\u00e9rien)<\/p>","protected":false},"featured_media":34089,"menu_order":0,"template":"","format":"standard","meta":{"_acf_changed":false,"_wp_convertkit_post_meta":{"form":"-1","landing_page":"0","tag":"0","restrict_content":"0"},"_kad_post_transparent":"","_kad_post_title":"","_kad_post_layout":"","_kad_post_sidebar_id":"","_kad_post_content_style":"","_kad_post_vertical_padding":"","_kad_post_feature":"","_kad_post_feature_position":"","_kad_post_header":false,"_kad_post_footer":false,"_kad_post_classname":""},"starting-letter":[409],"ppma_author":[423],"class_list":["post-35511","arabic-name","type-arabic-name","status-publish","format-standard","has-post-thumbnail","hentry","starting-letter-n"],"acf":[],"_links":{"self":[{"href":"https:\/\/arabikey.com\/fr\/wp-json\/wp\/v2\/arabic-name\/35511","targetHints":{"allow":["GET"]}}],"collection":[{"href":"https:\/\/arabikey.com\/fr\/wp-json\/wp\/v2\/arabic-name"}],"about":[{"href":"https:\/\/arabikey.com\/fr\/wp-json\/wp\/v2\/types\/arabic-name"}],"wp:featuredmedia":[{"embeddable":true,"href":"https:\/\/arabikey.com\/fr\/wp-json\/wp\/v2\/media\/34089"}],"wp:attachment":[{"href":"https:\/\/arabikey.com\/fr\/wp-json\/wp\/v2\/media?parent=35511"}],"wp:term":[{"taxonomy":"starting-letter","embeddable":true,"href":"https:\/\/arabikey.com\/fr\/wp-json\/wp\/v2\/starting-letter?post=35511"},{"taxonomy":"author","embeddable":true,"href":"https:\/\/arabikey.com\/fr\/wp-json\/wp\/v2\/ppma_author?post=35511"}],"curies":[{"name":"wp","href":"https:\/\/api.w.org\/{rel}","templated":true}]}}