{"id":35553,"date":"2024-03-13T21:50:57","date_gmt":"2024-03-13T19:50:57","guid":{"rendered":"https:\/\/arabikey.com\/?post_type=arabic-name&#038;p=35553"},"modified":"2024-09-10T19:41:45","modified_gmt":"2024-09-10T17:41:45","slug":"nezha","status":"publish","type":"arabic-name","link":"https:\/\/arabikey.com\/fr\/nom-arabe\/nezha\/","title":{"rendered":"Nezha \u2640\ufe0f"},"content":{"rendered":"<p><u>\u00c9criture alternative<\/u>: Nazha, Nuzha<\/p>\n<p><u>Genre<\/u>: f\u00e9minin<\/p>\n<p><u>\u00c9criture arabe<\/u>: <b>\u0646\u0632\u0647\u0629<\/b><\/p>\n<hr class=\"wp-block-separator has-alpha-channel-opacity\"\/>\n<h2>La signification de Nezha<\/h2>\n<p>Nezha est un pr\u00e9nom perso-turc qui \u00e9voque d\u00e9licatement le fait d'\u00eatre choy\u00e9 ou g\u00e2t\u00e9. Il est compos\u00e9 du persan \"Naz : le signe\" et du turc \"Li : le signe du rapport\". En arabe, le terme Nezha est souvent associ\u00e9 \u00e0 des promenades ou \u00e0 des fl\u00e2neries, refl\u00e9tant un air d'indulgence d\u00e9contract\u00e9e. Son utilisation refl\u00e8te la valeur culturelle de l'attention et de l'ornement, en particulier envers les \u00eatres chers.<\/p>\n<h2>Origines historiques<\/h2>\n<p>Le nom Nezha puise ses racines dans les traditions persanes et turques, et son intrigante dualit\u00e9 de significations en arabe et en turco-persan refl\u00e8te l'interaction entre ces cultures au fil des si\u00e8cles. Le nom a \u00e9volu\u00e9 et a accueilli des variations d'orthographe et de prononciation dans de nombreuses r\u00e9gions et langues. Bien que les porteurs notables de ce nom soient divers, il y a eu une \u00e9mergence de Nezha dans le folklore populaire et la litt\u00e9rature.<\/p>\n<h2>Popularit\u00e9<\/h2>\n<p>Nezha est un pr\u00e9nom f\u00e9minin relativement courant au Moyen-Orient et en Afrique du Nord, en particulier au Maroc, en Alg\u00e9rie et au Liban. Son utilisation a connu une hausse ces derniers temps, car il refl\u00e8te un m\u00e9lange de tradition et de modernit\u00e9. Nezha occupe une place particuli\u00e8re dans les communaut\u00e9s qui valorisent l'h\u00e9ritage culturel perso-turc, offrant un choix de pr\u00e9nom nuanc\u00e9 et porteur d'un cachet culturel unique.<\/p>\n<h2>Personnalit\u00e9s c\u00e9l\u00e8bres<\/h2>\n<p><a href=\"https:\/\/en.wikipedia.org\/wiki\/Princess_Lalla_Nuzha_of_Morocco\" target=\"_blank\" rel=\"noopener\">Princesse Lalla Nuzha du Maroc<\/a> (princesse marocaine)<\/p>","protected":false},"featured_media":34131,"menu_order":0,"template":"","format":"standard","meta":{"_acf_changed":false,"_wp_convertkit_post_meta":{"form":"-1","landing_page":"0","tag":"0","restrict_content":"0"},"_kad_post_transparent":"","_kad_post_title":"","_kad_post_layout":"","_kad_post_sidebar_id":"","_kad_post_content_style":"","_kad_post_vertical_padding":"","_kad_post_feature":"","_kad_post_feature_position":"","_kad_post_header":false,"_kad_post_footer":false,"_kad_post_classname":""},"starting-letter":[409],"ppma_author":[423],"class_list":["post-35553","arabic-name","type-arabic-name","status-publish","format-standard","has-post-thumbnail","hentry","starting-letter-n"],"acf":[],"_links":{"self":[{"href":"https:\/\/arabikey.com\/fr\/wp-json\/wp\/v2\/arabic-name\/35553","targetHints":{"allow":["GET"]}}],"collection":[{"href":"https:\/\/arabikey.com\/fr\/wp-json\/wp\/v2\/arabic-name"}],"about":[{"href":"https:\/\/arabikey.com\/fr\/wp-json\/wp\/v2\/types\/arabic-name"}],"wp:featuredmedia":[{"embeddable":true,"href":"https:\/\/arabikey.com\/fr\/wp-json\/wp\/v2\/media\/34131"}],"wp:attachment":[{"href":"https:\/\/arabikey.com\/fr\/wp-json\/wp\/v2\/media?parent=35553"}],"wp:term":[{"taxonomy":"starting-letter","embeddable":true,"href":"https:\/\/arabikey.com\/fr\/wp-json\/wp\/v2\/starting-letter?post=35553"},{"taxonomy":"author","embeddable":true,"href":"https:\/\/arabikey.com\/fr\/wp-json\/wp\/v2\/ppma_author?post=35553"}],"curies":[{"name":"wp","href":"https:\/\/api.w.org\/{rel}","templated":true}]}}