{"id":35633,"date":"2024-03-13T21:50:43","date_gmt":"2024-03-13T19:50:43","guid":{"rendered":"https:\/\/arabikey.com\/?post_type=arabic-name&#038;p=35633"},"modified":"2024-09-10T21:38:04","modified_gmt":"2024-09-10T19:38:04","slug":"ratil","status":"publish","type":"arabic-name","link":"https:\/\/arabikey.com\/fr\/nom-arabe\/ratil\/","title":{"rendered":"Ratil \u2640\ufe0f"},"content":{"rendered":"<p><u>\u00c9criture alternative<\/u>: Rateel<\/p>\n<p><u>Genre<\/u>: f\u00e9minin<\/p>\n<p><u>\u00c9criture arabe<\/u>: <b>\u0631\u062a\u064a\u0644<\/b><\/p>\n<hr class=\"wp-block-separator has-alpha-channel-opacity\"\/>\n<h2>La signification de Ratil<\/h2>\n<p> Le nom Ratil est d\u00e9riv\u00e9 du verbe arabe \"Tartil\". Dans le contexte islamique, \"Tartil\" fait r\u00e9f\u00e9rence \u00e0 une r\u00e9citation lente, mesur\u00e9e et rythm\u00e9e du Coran, \u00e9tay\u00e9e par une r\u00e9flexion et une contemplation profondes. Ainsi, le nom Ratil d\u00e9signe g\u00e9n\u00e9ralement quelqu'un de r\u00e9fl\u00e9chi, de pensif et de profond\u00e9ment sage. Ces implications sont intimement li\u00e9es au style de lecture et d'apprentissage du Coran, tr\u00e8s pris\u00e9 dans les cultures arabes. Le processus de contemplation profonde pendant l'apprentissage signifie le processus d'acquisition de connaissances tout au long de la vie et soutient la valeur islamique fondamentale de la culture intellectuelle.<\/p>\n<h2>Origines historiques<\/h2>\n<p> Les racines du pr\u00e9nom Ratil remontent \u00e0 l'ancienne langue arabe, qui a des liens profonds avec les enseignements et les valeurs de l'islam. Le nom a \u00e9t\u00e9 utilis\u00e9 au cours des si\u00e8cles dans les communaut\u00e9s ayant une forte influence islamique. Aucun personnage historique n'est connu sous ce nom, qui semble s'\u00eatre d\u00e9velopp\u00e9 en tant que nom de personne plut\u00f4t que d'\u00eatre li\u00e9 \u00e0 des personnalit\u00e9s sp\u00e9cifiques. Le nom Ratil peut \u00eatre trouv\u00e9 avec diff\u00e9rentes variations \u00e0 travers les cultures en raison des influences linguistiques.<\/p>\n<h2>Popularit\u00e9<\/h2>\n<p>Bien qu'il ne soit pas massivement populaire, le pr\u00e9nom Ratil reste tr\u00e8s pr\u00e9sent dans les communaut\u00e9s arabophones, en particulier au Moyen-Orient. On le retrouve \u00e9galement dans les communaut\u00e9s musulmanes hors du monde arabe. La popularit\u00e9 du pr\u00e9nom Ratil s'est maintenue au fil du temps, mais n'a pas connu de changements ou de tendances majeurs. Il est consid\u00e9r\u00e9 comme un pr\u00e9nom profond\u00e9ment traditionnel avec une importante connotation religieuse.<\/p>","protected":false},"featured_media":34210,"menu_order":0,"template":"","format":"standard","meta":{"_acf_changed":false,"_wp_convertkit_post_meta":{"form":"-1","landing_page":"0","tag":"0","restrict_content":"0"},"_kad_post_transparent":"","_kad_post_title":"","_kad_post_layout":"","_kad_post_sidebar_id":"","_kad_post_content_style":"","_kad_post_vertical_padding":"","_kad_post_feature":"","_kad_post_feature_position":"","_kad_post_header":false,"_kad_post_footer":false,"_kad_post_classname":""},"starting-letter":[412],"ppma_author":[423],"class_list":["post-35633","arabic-name","type-arabic-name","status-publish","format-standard","has-post-thumbnail","hentry","starting-letter-r"],"acf":[],"_links":{"self":[{"href":"https:\/\/arabikey.com\/fr\/wp-json\/wp\/v2\/arabic-name\/35633","targetHints":{"allow":["GET"]}}],"collection":[{"href":"https:\/\/arabikey.com\/fr\/wp-json\/wp\/v2\/arabic-name"}],"about":[{"href":"https:\/\/arabikey.com\/fr\/wp-json\/wp\/v2\/types\/arabic-name"}],"wp:featuredmedia":[{"embeddable":true,"href":"https:\/\/arabikey.com\/fr\/wp-json\/wp\/v2\/media\/34210"}],"wp:attachment":[{"href":"https:\/\/arabikey.com\/fr\/wp-json\/wp\/v2\/media?parent=35633"}],"wp:term":[{"taxonomy":"starting-letter","embeddable":true,"href":"https:\/\/arabikey.com\/fr\/wp-json\/wp\/v2\/starting-letter?post=35633"},{"taxonomy":"author","embeddable":true,"href":"https:\/\/arabikey.com\/fr\/wp-json\/wp\/v2\/ppma_author?post=35633"}],"curies":[{"name":"wp","href":"https:\/\/api.w.org\/{rel}","templated":true}]}}