{"id":35655,"date":"2024-03-13T21:50:16","date_gmt":"2024-03-13T19:50:16","guid":{"rendered":"https:\/\/arabikey.com\/?post_type=arabic-name&#038;p=35655"},"modified":"2024-09-10T21:42:33","modified_gmt":"2024-09-10T19:42:33","slug":"saad","status":"publish","type":"arabic-name","link":"https:\/\/arabikey.com\/fr\/nom-arabe\/saad\/","title":{"rendered":"Saad \u2642\ufe0f"},"content":{"rendered":"<p><u>\u00c9criture alternative<\/u>: Sa'ad<\/p>\n<p><u>Genre<\/u>: masculin<\/p>\n<p><u>\u00c9criture arabe<\/u>: <b>\u0633\u0639\u062f<\/b><\/p>\n<hr class=\"wp-block-separator has-alpha-channel-opacity\"\/>\n<h2>La signification de Saad<\/h2>\n<p> Saad est un pr\u00e9nom masculin arabe qui se traduit directement par \" heureux \" ou \" bienheureux \". Il est strat\u00e9giquement li\u00e9 \u00e0 la notion de destin ; interpr\u00e9t\u00e9 comme \"que le destin favorise\", il indique quelqu'un qui jouit d'une bonne fortune. Ses connotations de joie et de prosp\u00e9rit\u00e9 refl\u00e8tent une croyance culturelle r\u00e9pandue dans le monde arabophone selon laquelle le nom d'une personne peut influencer son destin. <\/p>\n<h2>Origines historiques<\/h2>\n<p> Le pr\u00e9nom Saad trouve ses racines dans l'arabe classique. Il a \u00e9t\u00e9 utilis\u00e9 dans tout le monde arabe et, plus largement, dans le monde islamique, en raison de l'influence de la langue et de la culture arabes. Saad ibn Abi Waqqas, notamment, \u00e9tait un compagnon du proph\u00e8te Mohammed et est v\u00e9n\u00e9r\u00e9 dans la tradition islamique. Au fil du temps, le nom a conserv\u00e9 sa forme originale en arabe, bien que l'on trouve des variantes comme Sa'ad dans les soci\u00e9t\u00e9s non arabophones.<\/p>\n<h2>Popularit\u00e9<\/h2>\n<p>Saad est un pr\u00e9nom tr\u00e8s r\u00e9pandu au Moyen-Orient, en Afrique du Nord et dans d'autres r\u00e9gions \u00e0 forte population musulmane. Sa popularit\u00e9 est rest\u00e9e stable au fil du temps, refl\u00e9tant une pr\u00e9f\u00e9rence culturelle pour les pr\u00e9noms traditionnels. Bien qu'il soit particuli\u00e8rement associ\u00e9 aux pays arabophones, l'utilisation de Saad a d\u00e9pass\u00e9 les fronti\u00e8res culturelles et linguistiques en raison de la pr\u00e9sence mondiale de l'islam.<\/p>\n<h2>Personnalit\u00e9s c\u00e9l\u00e8bres<\/h2>\n<p><a href=\"https:\/\/en.wikipedia.org\/wiki\/Saad_Hariri\" target=\"_blank\" rel=\"noopener\">Saad Hariri<\/a> (homme politique libanais)<\/p>","protected":false},"featured_media":34232,"menu_order":0,"template":"","format":"standard","meta":{"_acf_changed":false,"_wp_convertkit_post_meta":{"form":"-1","landing_page":"0","tag":"0","restrict_content":"0"},"_kad_post_transparent":"","_kad_post_title":"","_kad_post_layout":"","_kad_post_sidebar_id":"","_kad_post_content_style":"","_kad_post_vertical_padding":"","_kad_post_feature":"","_kad_post_feature_position":"","_kad_post_header":false,"_kad_post_footer":false,"_kad_post_classname":""},"starting-letter":[413],"ppma_author":[423],"class_list":["post-35655","arabic-name","type-arabic-name","status-publish","format-standard","has-post-thumbnail","hentry","starting-letter-s"],"acf":[],"_links":{"self":[{"href":"https:\/\/arabikey.com\/fr\/wp-json\/wp\/v2\/arabic-name\/35655","targetHints":{"allow":["GET"]}}],"collection":[{"href":"https:\/\/arabikey.com\/fr\/wp-json\/wp\/v2\/arabic-name"}],"about":[{"href":"https:\/\/arabikey.com\/fr\/wp-json\/wp\/v2\/types\/arabic-name"}],"wp:featuredmedia":[{"embeddable":true,"href":"https:\/\/arabikey.com\/fr\/wp-json\/wp\/v2\/media\/34232"}],"wp:attachment":[{"href":"https:\/\/arabikey.com\/fr\/wp-json\/wp\/v2\/media?parent=35655"}],"wp:term":[{"taxonomy":"starting-letter","embeddable":true,"href":"https:\/\/arabikey.com\/fr\/wp-json\/wp\/v2\/starting-letter?post=35655"},{"taxonomy":"author","embeddable":true,"href":"https:\/\/arabikey.com\/fr\/wp-json\/wp\/v2\/ppma_author?post=35655"}],"curies":[{"name":"wp","href":"https:\/\/api.w.org\/{rel}","templated":true}]}}