{"id":35693,"date":"2024-03-13T21:50:10","date_gmt":"2024-03-13T19:50:10","guid":{"rendered":"https:\/\/arabikey.com\/?post_type=arabic-name&#038;p=35693"},"modified":"2024-09-10T21:50:46","modified_gmt":"2024-09-10T19:50:46","slug":"salih","status":"publish","type":"arabic-name","link":"https:\/\/arabikey.com\/fr\/nom-arabe\/salih\/","title":{"rendered":"Salih \u2642\ufe0f"},"content":{"rendered":"<p><u>\u00c9criture alternative<\/u>: Saleh, Salah<\/p>\n<p><u>Genre<\/u>: Masculin<\/p>\n<p><u>\u00c9criture arabe<\/u>: <b>\u0635\u0627\u0644\u062d<\/b><\/p>\n<hr class=\"wp-block-separator has-alpha-channel-opacity\"\/>\n<h2>La signification de Salih<\/h2>\n<p>Le pr\u00e9nom Salih est un pr\u00e9nom arabe qui met en avant les vertus de bont\u00e9 et de bienfaisance. Il est souvent utilis\u00e9 pour d\u00e9signer une personne de droiture morale, une personne juste et vertueuse, ce qui lui conf\u00e8re une forte connotation morale reconnue dans le monde arabophone. Le nom comporte une riche connotation culturelle li\u00e9e aux actes de bienveillance et de charit\u00e9 typiques des soci\u00e9t\u00e9s arabes. Il repr\u00e9sente une \u00e9thique de d\u00e9nomination con\u00e7ue pour invoquer et promouvoir l'harmonie et la bonne volont\u00e9 au sein de la communaut\u00e9. <\/p>\n<h2>Origines historiques<\/h2>\n<p>Le nom Salih provient de la racine trilat\u00e9rale s\u00e9mitique S-L-\u1e24, pr\u00e9sente dans de nombreuses langues s\u00e9mitiques. Le proph\u00e8te Salih, personnage historique v\u00e9n\u00e9r\u00e9 dans la tradition islamique pour sa pi\u00e9t\u00e9 et sa bont\u00e9, porte ce nom. Le nom Salih transcende les barri\u00e8res linguistiques et g\u00e9ographiques, comme en t\u00e9moignent les diff\u00e9rentes orthographes et prononciations dans diff\u00e9rentes langues et r\u00e9gions, notamment Saleh et Salah.<\/p>\n<h2>Popularit\u00e9<\/h2>\n<p>Le pr\u00e9nom Salih est largement r\u00e9pandu dans les pays arabophones. S'il est plus r\u00e9pandu au Moyen-Orient et en Afrique du Nord, il a \u00e9t\u00e9 adopt\u00e9 sous diverses formes dans des pays musulmans non arabes comme la Turquie, l'Indon\u00e9sie et le Pakistan. Compte tenu de ses connotations religieuses, le pr\u00e9nom Salih conna\u00eet une augmentation cyclique de sa popularit\u00e9 en p\u00e9riode de religiosit\u00e9 accrue et pendant le mois sacr\u00e9 du Ramadan.<\/p>\n<h2>Personnalit\u00e9s c\u00e9l\u00e8bres<\/h2>\n<p><a href=\"https:\/\/en.wikipedia.org\/wiki\/Salih_ibn_Ali\" target=\"_blank\" rel=\"noopener\">Salih ibn Ali<\/a> (membre des Banu Abbas qui fut g\u00e9n\u00e9ral et gouverneur en Syrie et en \u00c9gypte)<\/p>","protected":false},"featured_media":34526,"menu_order":0,"template":"","format":"standard","meta":{"_acf_changed":false,"_wp_convertkit_post_meta":{"form":"-1","landing_page":"0","tag":"0","restrict_content":"0"},"_kad_post_transparent":"","_kad_post_title":"","_kad_post_layout":"","_kad_post_sidebar_id":"","_kad_post_content_style":"","_kad_post_vertical_padding":"","_kad_post_feature":"","_kad_post_feature_position":"","_kad_post_header":false,"_kad_post_footer":false,"_kad_post_classname":""},"starting-letter":[413],"ppma_author":[423],"class_list":["post-35693","arabic-name","type-arabic-name","status-publish","format-standard","has-post-thumbnail","hentry","starting-letter-s"],"acf":[],"_links":{"self":[{"href":"https:\/\/arabikey.com\/fr\/wp-json\/wp\/v2\/arabic-name\/35693","targetHints":{"allow":["GET"]}}],"collection":[{"href":"https:\/\/arabikey.com\/fr\/wp-json\/wp\/v2\/arabic-name"}],"about":[{"href":"https:\/\/arabikey.com\/fr\/wp-json\/wp\/v2\/types\/arabic-name"}],"wp:featuredmedia":[{"embeddable":true,"href":"https:\/\/arabikey.com\/fr\/wp-json\/wp\/v2\/media\/34526"}],"wp:attachment":[{"href":"https:\/\/arabikey.com\/fr\/wp-json\/wp\/v2\/media?parent=35693"}],"wp:term":[{"taxonomy":"starting-letter","embeddable":true,"href":"https:\/\/arabikey.com\/fr\/wp-json\/wp\/v2\/starting-letter?post=35693"},{"taxonomy":"author","embeddable":true,"href":"https:\/\/arabikey.com\/fr\/wp-json\/wp\/v2\/ppma_author?post=35693"}],"curies":[{"name":"wp","href":"https:\/\/api.w.org\/{rel}","templated":true}]}}