{"id":35717,"date":"2024-03-13T21:50:05","date_gmt":"2024-03-13T19:50:05","guid":{"rendered":"https:\/\/arabikey.com\/?post_type=arabic-name&#038;p=35717"},"modified":"2024-09-10T21:53:41","modified_gmt":"2024-09-10T19:53:41","slug":"chabib","status":"publish","type":"arabic-name","link":"https:\/\/arabikey.com\/fr\/nom-arabe\/chabib\/","title":{"rendered":"Chabib \u2642\ufe0f"},"content":{"rendered":"<p><u>\u00c9criture alternative<\/u>: Shebib, Shabib<\/p>\n<p><u>Genre<\/u>: masculin<\/p>\n<p><u>\u00c9criture arabe<\/u>: <b>\u0634\u0628\u064a\u0628<\/b><\/p>\n<hr class=\"wp-block-separator has-alpha-channel-opacity\"\/>\n<h2>La signification de Chabib<\/h2>\n<p>Chabib (\u0634\u0628\u064a\u0628) est un pr\u00e9nom masculin arabe qui a pour connotation \" jeune homme \" ou \" nouveau \". Le pr\u00e9nom Chabib peut \u00eatre associ\u00e9 \u00e0 l'\u00e9nergie de la jeunesse, au dynamisme et au d\u00e9but d'une nouvelle p\u00e9riode ou d'une nouvelle phase de la vie. Les implications de jeunesse de ce pr\u00e9nom en font un choix populaire pour les parents \u00e0 la recherche d'un pr\u00e9nom impr\u00e9gn\u00e9 de fra\u00eecheur et de vitalit\u00e9.<\/p>\n<h2>Origines historiques<\/h2>\n<p>L'origine de Chabib remonte \u00e0 la langue arabe classique. Bien qu'il n'y ait pas de personnages historiques notables portant le nom de Chabib, celui-ci a \u00e9t\u00e9 utilis\u00e9 de mani\u00e8re constante \u00e0 travers les g\u00e9n\u00e9rations, ce qui indique une appr\u00e9ciation culturelle profonde de sa signification et de ses connotations. Des variantes du nom, telles que Shebib, peuvent appara\u00eetre dans diff\u00e9rentes r\u00e9gions arabophones.<\/p>\n<h2>Popularit\u00e9<\/h2>\n<p>Bien que l'usage du pr\u00e9nom Chabib ne soit pas limit\u00e9 \u00e0 une r\u00e9gion g\u00e9ographique sp\u00e9cifique du monde arabe, il jouit d'une popularit\u00e9 particuli\u00e8re dans des pays tels que l'Arabie saoudite, l'Irak et la Jordanie. Sa popularit\u00e9 est rest\u00e9e relativement stable au fil du temps, ce qui t\u00e9moigne de son attrait durable.<\/p>\n<h2>Personnalit\u00e9s c\u00e9l\u00e8bres<\/h2>\n<p><a href=\"https:\/\/en.wikipedia.org\/wiki\/Shabib_ibn_Yazid_al-Shaybani\" target=\"_blank\" rel=\"noopener\">Shabib ibn Yazid al-Shaybani<\/a> (chef de la r\u00e9bellion kharijite contre le califat omeyyade dans le centre de l'Irak entre 696 et sa mort en 697\/98)<\/p>","protected":false},"featured_media":34550,"menu_order":0,"template":"","format":"standard","meta":{"_acf_changed":false,"_wp_convertkit_post_meta":{"form":"-1","landing_page":"0","tag":"0","restrict_content":"0"},"_kad_post_transparent":"","_kad_post_title":"","_kad_post_layout":"","_kad_post_sidebar_id":"","_kad_post_content_style":"","_kad_post_vertical_padding":"","_kad_post_feature":"","_kad_post_feature_position":"","_kad_post_header":false,"_kad_post_footer":false,"_kad_post_classname":""},"starting-letter":[413],"ppma_author":[423],"class_list":["post-35717","arabic-name","type-arabic-name","status-publish","format-standard","has-post-thumbnail","hentry","starting-letter-s"],"acf":[],"_links":{"self":[{"href":"https:\/\/arabikey.com\/fr\/wp-json\/wp\/v2\/arabic-name\/35717","targetHints":{"allow":["GET"]}}],"collection":[{"href":"https:\/\/arabikey.com\/fr\/wp-json\/wp\/v2\/arabic-name"}],"about":[{"href":"https:\/\/arabikey.com\/fr\/wp-json\/wp\/v2\/types\/arabic-name"}],"wp:featuredmedia":[{"embeddable":true,"href":"https:\/\/arabikey.com\/fr\/wp-json\/wp\/v2\/media\/34550"}],"wp:attachment":[{"href":"https:\/\/arabikey.com\/fr\/wp-json\/wp\/v2\/media?parent=35717"}],"wp:term":[{"taxonomy":"starting-letter","embeddable":true,"href":"https:\/\/arabikey.com\/fr\/wp-json\/wp\/v2\/starting-letter?post=35717"},{"taxonomy":"author","embeddable":true,"href":"https:\/\/arabikey.com\/fr\/wp-json\/wp\/v2\/ppma_author?post=35717"}],"curies":[{"name":"wp","href":"https:\/\/api.w.org\/{rel}","templated":true}]}}