{"id":35760,"date":"2024-03-13T21:49:56","date_gmt":"2024-03-13T19:49:56","guid":{"rendered":"https:\/\/arabikey.com\/?post_type=arabic-name&#038;p=35760"},"modified":"2024-09-10T21:57:02","modified_gmt":"2024-09-10T19:57:02","slug":"smail","status":"publish","type":"arabic-name","link":"https:\/\/arabikey.com\/fr\/nom-arabe\/smail\/","title":{"rendered":"Sma\u00efl \u2642\ufe0f"},"content":{"rendered":"<p><u>\u00c9criture alternative<\/u>: Ismail, Smail<\/p>\n<p><u>Genre<\/u>: masculin<\/p>\n<p><u>\u00c9criture arabe<\/u>: <b>\u0633\u0652\u0645\u0627\u0639\u064a\u0644<\/b><\/p>\n<hr class=\"wp-block-separator has-alpha-channel-opacity\"\/>\n<h2>La signification de Sma\u00efl<\/h2>\n<p>Sma\u00efl est la variante maghr\u00e9bine du pr\u00e9nom Isma\u00efl, un pr\u00e9nom courant dans les communaut\u00e9s arabes et musulmanes. En arabe, Ismail (ou \u0633\u0645\u0627\u0639\u064a\u0644) signifie \"Dieu entendra\". Dans la tradition islamique, Isma\u00efl est connu comme proph\u00e8te et fils d'Ibrahim (Abraham). Le fait de porter le nom de Smail rev\u00eat donc une signification spirituelle et s'inscrit dans un h\u00e9ritage profond de la tradition religieuse islamique.<\/p>\n<h2>Origines historiques<\/h2>\n<p>Comme de nombreux pr\u00e9noms arabes, Sma\u00efl est d\u00e9riv\u00e9 du nom d'un personnage des textes religieux islamiques, ce qui renforce sa signification spirituelle. Traditionnellement, les porteurs du nom Sma\u00efl ou Isma\u00efl \u00e9taient tenus en haute estime parce qu'ils portaient le nom d'un proph\u00e8te. Au fil du temps, des variantes, dont \"Sma\u00efl\", se sont d\u00e9velopp\u00e9es dans les pays du Maghreb (Afrique du Nord-Ouest) en raison des diff\u00e9rences linguistiques et culturelles.<\/p>\n<h2>Popularit\u00e9<\/h2>\n<p>Sma\u00efl est particuli\u00e8rement populaire dans la r\u00e9gion du Maghreb, qui comprend des pays comme l'Alg\u00e9rie, le Maroc et la Tunisie, en raison de sa forte signification r\u00e9gionale. Malgr\u00e9 sa popularit\u00e9 r\u00e9gionale, l'usage de ce pr\u00e9nom s'est r\u00e9pandu dans le monde entier avec les communaut\u00e9s de la diaspora, ce qui en fait un pr\u00e9nom arabe reconnu dans le monde entier.<\/p>\n<h2>Personnalit\u00e9s c\u00e9l\u00e8bres<\/h2>\n<p><a href=\"https:\/\/en.wikipedia.org\/wiki\/Sma%C3%AFl_Chergui\" target=\"_blank\" rel=\"noopener\">Sma\u00efl Chergui<\/a> (diplomate alg\u00e9rien)<\/p>","protected":false},"featured_media":34593,"menu_order":0,"template":"","format":"standard","meta":{"_acf_changed":false,"_wp_convertkit_post_meta":{"form":"-1","landing_page":"0","tag":"0","restrict_content":"0"},"_kad_post_transparent":"","_kad_post_title":"","_kad_post_layout":"","_kad_post_sidebar_id":"","_kad_post_content_style":"","_kad_post_vertical_padding":"","_kad_post_feature":"","_kad_post_feature_position":"","_kad_post_header":false,"_kad_post_footer":false,"_kad_post_classname":""},"starting-letter":[413],"ppma_author":[423],"class_list":["post-35760","arabic-name","type-arabic-name","status-publish","format-standard","has-post-thumbnail","hentry","starting-letter-s"],"acf":[],"_links":{"self":[{"href":"https:\/\/arabikey.com\/fr\/wp-json\/wp\/v2\/arabic-name\/35760","targetHints":{"allow":["GET"]}}],"collection":[{"href":"https:\/\/arabikey.com\/fr\/wp-json\/wp\/v2\/arabic-name"}],"about":[{"href":"https:\/\/arabikey.com\/fr\/wp-json\/wp\/v2\/types\/arabic-name"}],"wp:featuredmedia":[{"embeddable":true,"href":"https:\/\/arabikey.com\/fr\/wp-json\/wp\/v2\/media\/34593"}],"wp:attachment":[{"href":"https:\/\/arabikey.com\/fr\/wp-json\/wp\/v2\/media?parent=35760"}],"wp:term":[{"taxonomy":"starting-letter","embeddable":true,"href":"https:\/\/arabikey.com\/fr\/wp-json\/wp\/v2\/starting-letter?post=35760"},{"taxonomy":"author","embeddable":true,"href":"https:\/\/arabikey.com\/fr\/wp-json\/wp\/v2\/ppma_author?post=35760"}],"curies":[{"name":"wp","href":"https:\/\/api.w.org\/{rel}","templated":true}]}}