{"id":35846,"date":"2024-03-13T21:49:14","date_gmt":"2024-03-13T19:49:14","guid":{"rendered":"https:\/\/arabikey.com\/?post_type=arabic-name&#038;p=35846"},"modified":"2024-09-10T22:05:14","modified_gmt":"2024-09-10T20:05:14","slug":"oualid","status":"publish","type":"arabic-name","link":"https:\/\/arabikey.com\/fr\/nom-arabe\/oualid\/","title":{"rendered":"Oualid \u2642\ufe0f"},"content":{"rendered":"<p><u>\u00c9criture alternative<\/u>: Walid<\/p>\n<p><u>Genre<\/u>: masculin<\/p>\n<p><u>\u00c9criture arabe<\/u>: <b>\u0648\u0644\u064a\u062f<\/b><\/p>\n<hr class=\"wp-block-separator has-alpha-channel-opacity\"\/>\n<h2>La signification de Oualid<\/h2>\n<p>Oualid, d\u00e9riv\u00e9 du mot arabe \"Walada\", est un pr\u00e9nom arabe traditionnel qui se traduit litt\u00e9ralement par \"le fils\". Le terme Oualid ne d\u00e9signe pas seulement une prog\u00e9niture masculine, il a \u00e9galement une connotation de \"naissance\" ou de \"ce qui est n\u00e9\". Il t\u00e9moigne de l'importance et de la valeur accord\u00e9es aux fils dans la culture arabe, souvent associ\u00e9s \u00e0 la force, \u00e0 la virilit\u00e9 et \u00e0 l'h\u00e9ritier.<\/p>\n<h2>Origines historiques<\/h2>\n<p>Le pr\u00e9nom Oualid est profond\u00e9ment ancr\u00e9 dans l'histoire et la culture arabes. Il a \u00e9t\u00e9 port\u00e9 par plusieurs personnages importants de l'histoire arabe, notamment le calife omeyyade Walid Ier, qui a r\u00e9gn\u00e9 \u00e0 l'apog\u00e9e de l'empire islamique. Ce nom est particuli\u00e8rement r\u00e9pandu parmi les musulmans arabes en raison de ses connotations historiques. Au fil des si\u00e8cles, Oualid a connu des variations au fur et \u00e0 mesure qu'il se r\u00e9pandait dans les diff\u00e9rentes langues et cultures, comme Waldi ou Waled.<\/p>\n<h2>Popularit\u00e9<\/h2>\n<p>Historiquement populaire parmi les arabophones, Oualid maintient une pr\u00e9sence constante au Moyen-Orient, en Afrique du Nord et, de plus en plus, dans les pays occidentaux en raison de la diaspora. Il est particuli\u00e8rement r\u00e9pandu dans les communaut\u00e9s musulmanes en raison de son association avec l'histoire de l'islam. Au fil du temps, l'incidence du pr\u00e9nom dans les pays occidentaux a augment\u00e9 progressivement, en particulier en France o\u00f9 l'orthographe (alternative) \"Oualid\" est souvent utilis\u00e9e.<\/p>\n<h2>Personnalit\u00e9s c\u00e9l\u00e8bres<\/h2>\n<p>> <a href=\"https:\/\/en.wikipedia.org\/wiki\/Walid_Jumblatt_\" target=\"_blank\" rel=\"noopener\">Walid Jumblatt<\/a> (homme politique libanais)<\/p>","protected":false},"featured_media":36106,"menu_order":0,"template":"","format":"standard","meta":{"_acf_changed":false,"_wp_convertkit_post_meta":{"form":"-1","landing_page":"0","tag":"0","restrict_content":"0"},"_kad_post_transparent":"","_kad_post_title":"","_kad_post_layout":"","_kad_post_sidebar_id":"","_kad_post_content_style":"","_kad_post_vertical_padding":"","_kad_post_feature":"","_kad_post_feature_position":"","_kad_post_header":false,"_kad_post_footer":false,"_kad_post_classname":""},"starting-letter":[416],"ppma_author":[423],"class_list":["post-35846","arabic-name","type-arabic-name","status-publish","format-standard","has-post-thumbnail","hentry","starting-letter-w"],"acf":[],"_links":{"self":[{"href":"https:\/\/arabikey.com\/fr\/wp-json\/wp\/v2\/arabic-name\/35846","targetHints":{"allow":["GET"]}}],"collection":[{"href":"https:\/\/arabikey.com\/fr\/wp-json\/wp\/v2\/arabic-name"}],"about":[{"href":"https:\/\/arabikey.com\/fr\/wp-json\/wp\/v2\/types\/arabic-name"}],"wp:featuredmedia":[{"embeddable":true,"href":"https:\/\/arabikey.com\/fr\/wp-json\/wp\/v2\/media\/36106"}],"wp:attachment":[{"href":"https:\/\/arabikey.com\/fr\/wp-json\/wp\/v2\/media?parent=35846"}],"wp:term":[{"taxonomy":"starting-letter","embeddable":true,"href":"https:\/\/arabikey.com\/fr\/wp-json\/wp\/v2\/starting-letter?post=35846"},{"taxonomy":"author","embeddable":true,"href":"https:\/\/arabikey.com\/fr\/wp-json\/wp\/v2\/ppma_author?post=35846"}],"curies":[{"name":"wp","href":"https:\/\/api.w.org\/{rel}","templated":true}]}}